{"id":242503,"date":"2022-05-02T17:40:17","date_gmt":"2022-05-02T17:40:17","guid":{"rendered":"https:\/\/ihmedellin.com\/es\/private-rooms-in-medellin\/"},"modified":"2023-04-22T00:27:46","modified_gmt":"2023-04-22T00:27:46","slug":"habitaciones-privadas-en-medellin","status":"publish","type":"page","link":"https:\/\/ihmedellin.com\/es\/habitaciones-privadas-en-medellin\/","title":{"rendered":"Habitaciones privadas en Medellin"},"content":{"rendered":"<p>[et_pb_section fb_built=\u00bb1&#8243; fullwidth=\u00bbon\u00bb _builder_version=\u00bb4.17.3&#8243; _module_preset=\u00bbdefault\u00bb global_colors_info=\u00bb{}\u00bb][et_pb_fullwidth_slider show_pagination=\u00bboff\u00bb _builder_version=\u00bb4.17.3&#8243; _module_preset=\u00bbdefault\u00bb background_image=\u00bbhttp:\/\/ihmedellin.com\/wp-content\/uploads\/2016\/08\/best-hostel-in-medellin-2-1.jpg\u00bb auto=\u00bbon\u00bb global_colors_info=\u00bb{}\u00bb][et_pb_slide heading=\u00bbHabitaciones Privadas en Medellin\u00bb _builder_version=\u00bb4.17.3&#8243; _module_preset=\u00bbdefault\u00bb header_font=\u00bb|600|||||||\u00bb header_font_size=\u00bb61px\u00bb background_color=\u00bb#FFFFFF\u00bb background_enable_color=\u00bbon\u00bb background_image=\u00bbhttp:\/\/ihmedellin.com\/wp-content\/uploads\/2022\/05\/hospedaje-medellin.jpg\u00bb background_enable_image=\u00bbon\u00bb global_colors_info=\u00bb{}\u00bb sticky_transition=\u00bbon\u00bb]<\/p>\n<h3><span style=\"color: #ffffff;font-size: 30px;\">Echa un vistazo a lo que tienen las habitaciones privadas<\/h3>\n<p>[\/et_pb_slide][\/et_pb_fullwidth_slider][\/et_pb_section][et_pb_section fb_built=\u00bb1&#8243; _builder_version=\u00bb4.17.3&#8243; _module_preset=\u00bbdefault\u00bb background_color=\u00bb#000000&#8243; global_colors_info=\u00bb{}\u00bb][et_pb_row _builder_version=\u00bb4.17.3&#8243; _module_preset=\u00bbdefault\u00bb max_width=\u00bb1920px\u00bb global_colors_info=\u00bb{}\u00bb][et_pb_column type=\u00bb4_4&#8243; _builder_version=\u00bb4.17.3&#8243; _module_preset=\u00bbdefault\u00bb background_color=\u00bbrgba(255,255,255,0)\u00bb global_colors_info=\u00bb{}\u00bb][et_pb_text _builder_version=\u00bb4.17.3&#8243; _module_preset=\u00bbdefault\u00bb global_colors_info=\u00bb{}\u00bb]<\/p>\n<h1 style=\"text-align: center; font-weight: 600 !important; font-size: 45px;font-family: 'Cantata One'; color: #c8a74f;\">Habitaciones Privadas en International House Medellin<\/h1>\n<h2 style=\"text-align: center; font-weight: 600 !important; font-size: 40px;font-family: 'Cantata One'; color: #c8a74f;\">Bienvenido a International House Medell\u00edn<\/h2>\n<h3 style=\"text-align: center; color: #c8a74f; margin-top: 0px; padding-top: 0px;\">donde los viajeros llaman su Segundo Hogar<\/h3>\n<p>[\/et_pb_text][\/et_pb_column][\/et_pb_row][et_pb_row _builder_version=\u00bb4.17.3&#8243; _module_preset=\u00bbdefault\u00bb global_colors_info=\u00bb{}\u00bb][et_pb_column type=\u00bb4_4&#8243; _builder_version=\u00bb4.17.3&#8243; _module_preset=\u00bbdefault\u00bb global_colors_info=\u00bb{}\u00bb][et_pb_text _builder_version=\u00bb4.20.0&#8243; _module_preset=\u00bbdefault\u00bb global_colors_info=\u00bb{}\u00bb]<\/p>\n<div style=\"color: #ffffff; text-align: left; font-size: 16px; line-height: normal;\">\n<p>Contamos con 19 habitaciones privadas, cada una equipada con una cama doble (colchones nuevos), Smart TV, ventilador, escritorio, silla de oficina giratoria, s\u00e1banas, toallas, cobija, armario y cerradura digital sin llave. B\u00e1sicamente es una gran situaci\u00f3n de compa\u00f1ero de cuarto. Todos tienen su propia habitaci\u00f3n para tener privacidad, pero cuando quieren comunidad, nuestras fabulosas \u00e1reas comunes est\u00e1n ah\u00ed para que disfrutes. Las habitaciones privadas comparten 12 ba\u00f1os, todos con gran presi\u00f3n y agua caliente.<\/p>\n<\/div>\n<div style=\"color: #ffffff; text-align: left; font-size: 20px; line-height: normal;\">\n<p>Habitaciones privadas desde apenas:<\/p>\n<ul>\n<li>$100,000-$200,000 pesos por noche en ocupaci\u00f3n sencilla<\/li>\n<li>$110,000 &#8211; $220,000 pesos por noche ocupaci\u00f3n doble<\/li>\n<li>$2,100,000 pesos por mes (sin vista)<\/li>\n<li>$2,300,000 pesos por mes (con vista)<\/li>\n<li>$2,500,000 pesos por mes (con vista y balc\u00f3n)<\/li>\n<li>$2,700,000 pesos por mes (con ba\u00f1o privado)<\/li>\n<\/ul>\n<\/div>\n<p>[\/et_pb_text][\/et_pb_column][\/et_pb_row][\/et_pb_section][et_pb_section fb_built=\u00bb1&#8243; _builder_version=\u00bb4.17.3&#8243; _module_preset=\u00bbdefault\u00bb background_color=\u00bb#FFFFFF\u00bb global_colors_info=\u00bb{}\u00bb][et_pb_row column_structure=\u00bb1_2,1_2&#8243; _builder_version=\u00bb4.17.3&#8243; _module_preset=\u00bbdefault\u00bb max_width=\u00bb1920px\u00bb global_colors_info=\u00bb{}\u00bb][et_pb_column type=\u00bb1_2&#8243; _builder_version=\u00bb4.17.3&#8243; _module_preset=\u00bbdefault\u00bb global_colors_info=\u00bb{}\u00bb][et_pb_text _builder_version=\u00bb4.17.3&#8243; _module_preset=\u00bbdefault\u00bb background_color=\u00bb#FFFFFF\u00bb global_colors_info=\u00bb{}\u00bb]<\/p>\n<div style=\"color: #5d5d5d; font-size: 16px;\">\n<p>Si est\u00e1s buscando una alternativa a los hoteles costosos y apartamentos corporativos, International House Medell\u00edn puede ser lo que est\u00e1s buscando.<\/p>\n<p>Aqu\u00ed podr\u00e1s disfrutar de la comunidad o la vida privada, interactuando con los otros hu\u00e9spedes internacionales del edificio. Muchos vienen a estudiar espa\u00f1ol, trabajar como voluntarios, estudiar un semestre en el extranjero o simplemente a disfrutar de una de las ciudades m\u00e1s innovadoras del mundo.<\/p>\n<p>Hotel economico para grupos, alojamiento barato en Medellin, hospedaje barato en Medellin.<\/p>\n<\/div>\n<p>[\/et_pb_text][\/et_pb_column][et_pb_column type=\u00bb1_2&#8243; _builder_version=\u00bb4.17.3&#8243; _module_preset=\u00bbdefault\u00bb global_colors_info=\u00bb{}\u00bb][et_pb_image src=\u00bbhttp:\/\/ihmedellin.com\/wp-content\/uploads\/2022\/05\/habitacion-privada-medellin-1.jpg\u00bb title_text=\u00bbhabitacion-privada-medellin-1&#8243; _builder_version=\u00bb4.17.3&#8243; _module_preset=\u00bbdefault\u00bb background_color=\u00bb#FFFFFF\u00bb background_enable_image=\u00bboff\u00bb global_colors_info=\u00bb{}\u00bb][\/et_pb_image][\/et_pb_column][\/et_pb_row][et_pb_row _builder_version=\u00bb4.17.3&#8243; _module_preset=\u00bbdefault\u00bb max_width=\u00bb1920px\u00bb global_colors_info=\u00bb{}\u00bb][et_pb_column type=\u00bb4_4&#8243; _builder_version=\u00bb4.17.3&#8243; _module_preset=\u00bbdefault\u00bb global_colors_info=\u00bb{}\u00bb][et_pb_image src=\u00bbhttp:\/\/ihmedellin.com\/wp-content\/uploads\/2022\/05\/trip-advisor-reviews-link_ES.jpg\u00bb title_text=\u00bbtrip-advisor-reviews-link_ES\u00bb url=\u00bbhttps:\/\/www.tripadvisor.co\/Hotel_Review-g297478-d3953852-Reviews-International_House_Medellin-Medellin_Antioquia_Department.html\u00bb url_new_window=\u00bbon\u00bb _builder_version=\u00bb4.17.3&#8243; _module_preset=\u00bbdefault\u00bb global_colors_info=\u00bb{}\u00bb][\/et_pb_image][\/et_pb_column][\/et_pb_row][et_pb_row column_structure=\u00bb1_2,1_2&#8243; _builder_version=\u00bb4.17.3&#8243; _module_preset=\u00bbdefault\u00bb max_width=\u00bb1920px\u00bb global_colors_info=\u00bb{}\u00bb][et_pb_column type=\u00bb1_2&#8243; _builder_version=\u00bb4.17.3&#8243; _module_preset=\u00bbdefault\u00bb global_colors_info=\u00bb{}\u00bb][et_pb_text _builder_version=\u00bb4.17.3&#8243; _module_preset=\u00bbdefault\u00bb global_colors_info=\u00bb{}\u00bb]<\/p>\n<div style=\"color: #5d5d5d; font-size: 16px;\">\n<p>Todas las habitaciones privadas est\u00e1n completamente equipadas con la firma, con camas tama\u00f1o queen, escritorio, televisi\u00f3n, caja de seguridad digital, ropa de cama, etc. Las camas supletorias est\u00e1n disponibles si usted quiere compartir una habitaci\u00f3n.<\/p>\n<p>Desde la azotea se tiene una incre\u00edble vista de 360 de la ciudad de Medell\u00edn. La azotea tiene un enorme sof\u00e1 en forma de u, acentuado con las tablas originales de puertas antiguas, ventanas y tragaluces. Parrilla de gas grande, sauna, lavadora\/secadora y cuarto de ba\u00f1o completo con ducha. R\u00e1pido y estable de Wifi en todo el edificio, incluyendo la azotea y la planta baja.<\/p>\n<p>Por lo tanto, si quieres un ambiente saludable para su estad\u00eda en Medell\u00edn, International House y su anfitri\u00f3n Joel har\u00e1 que su estancia supere sus expectativas.<\/p>\n<\/div>\n<p>[\/et_pb_text][\/et_pb_column][et_pb_column type=\u00bb1_2&#8243; _builder_version=\u00bb4.17.3&#8243; _module_preset=\u00bbdefault\u00bb global_colors_info=\u00bb{}\u00bb][et_pb_text _builder_version=\u00bb4.17.3&#8243; _module_preset=\u00bbdefault\u00bb global_colors_info=\u00bb{}\u00bb]<\/p>\n<div style=\"color: #5d5d5d; font-size: 16px;\">\n<p>Estamos ubicados en el centro geogr\u00e1fico de Medell\u00edn, con f\u00e1cil acceso a todas los medios de transporte p\u00fablico. A una cuadra hay autobuses a la estaci\u00f3n de metro, a la zona de ocio (El Poblado, Zona Rosa, Parque Lleras). Solo camina tres cuadras y podr\u00e1s tomar la nueva l\u00ednea del MetroPlus, un carril bus dedicado que te lleva a destinos importantes r\u00e1pidamente.<\/p>\n<p>Justo enfrente del edificio se encuentra uno de los mayores complejos deportivos m\u00e1s visitados de Medell\u00edn, La Unidad Deportiva de Bel\u00e9n. Aqu\u00ed se puede jugar baloncesto, f\u00fatbol, frisbee, tenis, etc, es gratis! El uso de la piscina cuesta unos $2 al d\u00eda. Tambi\u00e9n hay una nueva norma internacional, una bolera de 16 carriles, dos piscinas (una ol\u00edmpica), tiro con arco, curso de conducci\u00f3n y mucho m\u00e1s.<\/><\/p>\n<\/div>\n<p>[\/et_pb_text][\/et_pb_column][\/et_pb_row][et_pb_row _builder_version=\u00bb4.17.3&#8243; _module_preset=\u00bbdefault\u00bb max_width=\u00bb1920px\u00bb global_colors_info=\u00bb{}\u00bb][et_pb_column type=\u00bb4_4&#8243; _builder_version=\u00bb4.17.3&#8243; _module_preset=\u00bbdefault\u00bb global_colors_info=\u00bb{}\u00bb][lwp_image_carousel gallery_ids=\u00bb242910,242822,242954,242952,242930,242796&#8243; slides_show=\u00bb6&#8243; show_dots=\u00bboff\u00bb show_arrows=\u00bboff\u00bb _builder_version=\u00bb4.17.3&#8243; _module_preset=\u00bbdefault\u00bb global_colors_info=\u00bb{}\u00bb][\/lwp_image_carousel][\/et_pb_column][\/et_pb_row][\/et_pb_section]<\/p>\n","protected":false},"excerpt":{"rendered":"<p>Echa un vistazo a lo que tienen las habitaciones privadasHabitaciones Privadas en International House Medellin Bienvenido a International House Medell\u00edn donde los viajeros llaman su Segundo Hogar Contamos con 19 habitaciones privadas, cada una equipada con una cama doble (colchones nuevos), Smart TV, ventilador, escritorio, silla de oficina giratoria, s\u00e1banas, toallas, cobija, armario y cerradura [&hellip;]<\/p>\n","protected":false},"author":1,"featured_media":0,"parent":0,"menu_order":0,"comment_status":"closed","ping_status":"closed","template":"","meta":{"_et_pb_use_builder":"on","_et_pb_old_content":"[et_pb_section fb_built=\"1\" fullwidth=\"on\" _builder_version=\"4.17.3\" _module_preset=\"default\" global_colors_info=\"{}\"][et_pb_fullwidth_slider show_pagination=\"off\" _builder_version=\"4.17.3\" _module_preset=\"default\" background_image=\"http:\/\/ihmedellin.com\/wp-content\/uploads\/2016\/08\/best-hostel-in-medellin-2-1.jpg\" auto=\"on\" global_colors_info=\"{}\"][et_pb_slide heading=\"The Best Co-Living Space in Medell\u00edn\" _builder_version=\"4.17.3\" _module_preset=\"default\" header_font=\"|600|||||||\" header_font_size=\"61px\" background_image=\"http:\/\/ihmedellin.com\/wp-content\/uploads\/2016\/08\/best-hostel-in-medellin-2-1.jpg\" background_enable_image=\"on\" global_colors_info=\"{}\" sticky_transition=\"on\"]<h3><span style=\"color: #ffffff;font-size: 30px;\">International House Medell\u00edn<\/h3>[\/et_pb_slide][et_pb_slide heading=\"Have a Good Time\" _builder_version=\"4.17.3\" _module_preset=\"default\" header_font=\"|600|||||||\" header_font_size=\"61px\" background_image=\"http:\/\/ihmedellin.com\/wp-content\/uploads\/2016\/05\/fun-tours-medellin.jpg\" background_enable_image=\"on\" global_colors_info=\"{}\" sticky_transition=\"on\"]<h3><span style=\"color: #ffffff;font-size: 30px;\">at International House Medell\u00edn<\/h3>[\/et_pb_slide][et_pb_slide heading=\"Our Rooms\" _builder_version=\"4.17.3\" _module_preset=\"default\" header_font=\"|600|||||||\" header_text_color=\"#000000\" header_font_size=\"61px\" background_image=\"http:\/\/ihmedellin.com\/wp-content\/uploads\/2020\/02\/5s.jpg\" background_enable_image=\"on\" global_colors_info=\"{}\" sticky_transition=\"on\"]<h3><span style=\"color: #000000;font-size: 30px;\">Affordable rooms for individuals, groups, families and teams!<\/h3>[\/et_pb_slide][et_pb_slide heading=\"Immerse Yourself in Local Culture\" _builder_version=\"4.17.3\" _module_preset=\"default\" header_font=\"|600|||||||\" header_text_color=\"#FFFFFF\" header_font_size=\"61px\" background_image=\"http:\/\/ihmedellin.com\/wp-content\/uploads\/2015\/01\/backpacker-tours-medellin.jpg\" background_enable_image=\"on\" global_colors_info=\"{}\" sticky_transition=\"on\"][\/et_pb_slide][\/et_pb_fullwidth_slider][\/et_pb_section][et_pb_section fb_built=\"1\" _builder_version=\"4.17.3\" _module_preset=\"default\" background_color=\"#000000\" global_colors_info=\"{}\"][et_pb_row _builder_version=\"4.17.3\" _module_preset=\"default\" max_width=\"1920px\" global_colors_info=\"{}\"][et_pb_column type=\"4_4\" _builder_version=\"4.17.3\" _module_preset=\"default\" background_color=\"rgba(255,255,255,0)\" global_colors_info=\"{}\"][et_pb_text _builder_version=\"4.17.3\" _module_preset=\"default\" global_colors_info=\"{}\"]<h2 style=\"text-align: center; font-weight: 600 !important; font-size: 40px;font-family: 'Cantata One'; color: #c8a74f;\">We Offer Quality Service<\/h2>\r\n<p style=\"text-align: center; color: #ffffff; font-size: 15px;\">We provide what our customers want - comfortable beds, guaranteed HOT showers 24\/7, the best WiFi of any hostel \/ co-living space in Medellin (30 megs seamless wifi throughout building with unifi ubiquiti access points), spacious common areas with wonderful views of Medellin, tight security, privacy when you want it, and community when you want it. We are proud to be the best hybrid hostel - co-living space in the city of Medellin.<\/p>[\/et_pb_text][\/et_pb_column][\/et_pb_row][\/et_pb_section][et_pb_section fb_built=\"1\" _builder_version=\"4.17.3\" _module_preset=\"default\" global_colors_info=\"{}\"][et_pb_row column_structure=\"1_2,1_2\" _builder_version=\"4.17.3\" _module_preset=\"default\" max_width=\"1920px\" global_colors_info=\"{}\"][et_pb_column type=\"1_2\" _builder_version=\"4.17.3\" _module_preset=\"default\" global_colors_info=\"{}\"][et_pb_text _builder_version=\"4.17.3\" _module_preset=\"default\" global_colors_info=\"{}\"]<h2 style=\"text-align: center; font-weight: 600 !important; font-size: 40px;font-family: 'Cantata One'; color: #c8a74f;\">Renovation Completed!<\/h2>\r\n<p style=\"color: #5d5d5d; font-size: 16px;\">Our completely renovated building features 19 private rooms - each with a SMART TV, new double mattress, fan, work area, rotating office chair, 100 meg WiFi in the room, and blackout curtains. Additionally we have two private triple occupancy rooms, one 6-bed dorm, and one 8-bed dorm - the dorm rooms have a smart TV and a fridge. Our rooftop community kitchen - full industrial \/ restaurant equipment - is considered one of the best of any hostel, not only in Colombia, but in the world. Along with our central location directly in front of the largest sports recreation area in Medellin, adding up to more value than any other hostel \/ co-living space in the city. Our top-rated hostel \/ co-living space has heaps of hang out space, with an expansive rooftop lounge, 30-seat big screen TV area, and large kitchen and dining areas. But what really sets us apart from the rest of Medellin\u2019s hostels is that we\u2019ve always got something going on. Whether it\u2019s a group dinner \/ potluck, movies on the rooftop, a bowling tournament down the block, you can always get your night in Medellin started with us.<\/p>[\/et_pb_text][\/et_pb_column][et_pb_column type=\"1_2\" _builder_version=\"4.17.3\" _module_preset=\"default\" global_colors_info=\"{}\"][et_pb_image src=\"http:\/\/ihmedellin.com\/wp-content\/uploads\/2022\/04\/Kitchen-1s-scaled-min.jpg\" title_text=\"Kitchen-1s-scaled-min\" _builder_version=\"4.17.3\" _module_preset=\"default\" global_colors_info=\"{}\"][\/et_pb_image][\/et_pb_column][\/et_pb_row][\/et_pb_section][et_pb_section fb_built=\"1\" _builder_version=\"4.17.3\" _module_preset=\"default\" background_image=\"http:\/\/ihmedellin.com\/wp-content\/uploads\/2014\/12\/view-medellin-ihmedellin.jpg\" parallax=\"on\" global_colors_info=\"{}\"][et_pb_row _builder_version=\"4.17.3\" _module_preset=\"default\" max_width=\"1920px\" global_colors_info=\"{}\"][et_pb_column type=\"4_4\" _builder_version=\"4.17.3\" _module_preset=\"default\" global_colors_info=\"{}\"][et_pb_text _builder_version=\"4.17.3\" _module_preset=\"default\" global_colors_info=\"{}\"]<h2 style=\"text-align: center; font-weight: 600 !important; font-size: 40px;font-family: 'Cantata One'; color: #ffffff;\">The Amenities that make us the best co-living in Medell\u00edn are:<\/h2>[\/et_pb_text][\/et_pb_column][\/et_pb_row][et_pb_row column_structure=\"1_3,1_3,1_3\" make_equal=\"on\" _builder_version=\"4.17.3\" _module_preset=\"default\" max_width=\"1920px\" global_colors_info=\"{}\"][et_pb_column type=\"1_3\" _builder_version=\"4.17.3\" _module_preset=\"default\" global_colors_info=\"{}\"][et_pb_blurb use_icon=\"on\" font_icon=\"p||divi||400\" icon_color=\"#cbaa50\" image_icon_width=\"4em\" module_class=\"blurbHeight\" _builder_version=\"4.17.3\" _module_preset=\"default\" background_color=\"#f5f5f5\" custom_margin=\"||||false|false\" custom_padding=\"10px|5px|15px|5px|false|false\" animation=\"off\" border_width_all=\"1px\" global_colors_info=\"{}\"]<p style=\"text-align: center;\">19 rooms with firm, new<br \/>mattresses and new sheets and pillows.<\/p>[\/et_pb_blurb][\/et_pb_column][et_pb_column type=\"1_3\" _builder_version=\"4.17.3\" _module_preset=\"default\" global_colors_info=\"{}\"][et_pb_blurb use_icon=\"on\" font_icon=\"p||divi||400\" icon_color=\"#cbaa50\" image_icon_width=\"4em\" module_class=\"blurbHeight\" _builder_version=\"4.17.3\" _module_preset=\"default\" background_color=\"#f5f5f5\" custom_margin=\"||||false|false\" custom_padding=\"10px|5px|15px|5px|false|false\" animation=\"off\" border_width_all=\"1px\" global_colors_info=\"{}\"]<p style=\"text-align: center;\">Free day-storage of luggage after checkout.<\/p>[\/et_pb_blurb][\/et_pb_column][et_pb_column type=\"1_3\" _builder_version=\"4.17.3\" _module_preset=\"default\" global_colors_info=\"{}\"][et_pb_blurb use_icon=\"on\" font_icon=\"p||divi||400\" icon_color=\"#cbaa50\" image_icon_width=\"4em\" module_class=\"blurbHeight\" _builder_version=\"4.17.3\" _module_preset=\"default\" background_color=\"#f5f5f5\" custom_margin=\"||||false|false\" custom_padding=\"10px|5px|15px|5px|false|false\" animation=\"off\" border_width_all=\"1px\" global_colors_info=\"{}\"]<p style=\"text-align: center;\">Plenty of closet space and lockers so you can store your stuff securely.<\/p>[\/et_pb_blurb][\/et_pb_column][\/et_pb_row][et_pb_row column_structure=\"1_3,1_3,1_3\" make_equal=\"on\" _builder_version=\"4.17.3\" _module_preset=\"default\" max_width=\"1920px\" hover_enabled=\"0\" global_colors_info=\"{}\" sticky_enabled=\"0\"][et_pb_column type=\"1_3\" _builder_version=\"4.17.3\" _module_preset=\"default\" global_colors_info=\"{}\"][et_pb_blurb use_icon=\"on\" font_icon=\"p||divi||400\" icon_color=\"#cbaa50\" image_icon_width=\"4em\" module_class=\"blurbHeight\" _builder_version=\"4.17.3\" _module_preset=\"default\" background_color=\"#f5f5f5\" custom_margin=\"||||false|false\" custom_padding=\"10px|5px|15px|5px|false|false\" animation=\"off\" border_width_all=\"1px\" global_colors_info=\"{}\"]<p style=\"text-align: center;\">Free access to seamless 300 meg WiFi throughout the building. Seamless transition<br \/>from floor to floor without changing networks or passwords. We have installed<br \/>UNIFI ubiquiti access points and edge routers throughout the building.<\/p>[\/et_pb_blurb][\/et_pb_column][et_pb_column type=\"1_3\" _builder_version=\"4.17.3\" _module_preset=\"default\" global_colors_info=\"{}\"][\/et_pb_column][et_pb_column type=\"1_3\" _builder_version=\"4.17.3\" _module_preset=\"default\" global_colors_info=\"{}\"][et_pb_blurb use_icon=\"on\" font_icon=\"p||divi||400\" icon_color=\"#cbaa50\" image_icon_width=\"4em\" module_class=\"blurbHeight\" _builder_version=\"4.17.3\" _module_preset=\"default\" background_color=\"#f5f5f5\" custom_margin=\"||||false|false\" custom_padding=\"10px|5px|15px|5px|false|false\" animation=\"off\" border_width_all=\"1px\" global_colors_info=\"{}\"]<p style=\"text-align: center;\">We wash, dry and fold your laundry for less than $4USD per load.<\/p>[\/et_pb_blurb][\/et_pb_column][\/et_pb_row][\/et_pb_section][et_pb_section fb_built=\"1\" _builder_version=\"4.17.3\" _module_preset=\"default\" global_colors_info=\"{}\"][et_pb_row _builder_version=\"4.17.3\" _module_preset=\"default\" max_width=\"1920px\" global_colors_info=\"{}\"][et_pb_column type=\"4_4\" _builder_version=\"4.17.3\" _module_preset=\"default\" global_colors_info=\"{}\"][et_pb_text _builder_version=\"4.17.3\" _module_preset=\"default\" global_colors_info=\"{}\"]<h2 style=\"text-align: center; font-weight: 600 !important; font-size: 40px; font-family: 'Cantata One'; color: #c8a74f;\">Check in Criteria<\/h2>[\/et_pb_text][\/et_pb_column][\/et_pb_row][et_pb_row column_structure=\"1_2,1_2\" _builder_version=\"4.17.3\" _module_preset=\"default\" max_width=\"1920px\" global_colors_info=\"{}\"][et_pb_column type=\"1_2\" _builder_version=\"4.17.3\" _module_preset=\"default\" global_colors_info=\"{}\"][et_pb_text _builder_version=\"4.17.3\" _module_preset=\"default\" global_colors_info=\"{}\"]<p style=\"color: #5d5d5d;\">International House and co-living Medell\u00edn is a seven-year-old American owned and run co-living located in a beautiful residential neighborhood of Medell\u00edn. Since opening in 2009, we have shot to the top position on <strong><a style=\"color: #c8a74f;\" href=\"http:\/\/www.tripadvisor.com\/Hotel_Review-g297478-d3953852-Reviews-International_House_Medellin-Medellin_Antioquia_Department.html\" target=\"_blank\" rel=\"noopener noreferrer\">TripAdvisor<\/a><\/strong>. We welcome guests from all parts of the world.<\/p>\r\n<p style=\"color: #5d5d5d;\">At check in, all guests must present a valid passport.  Anyone under the age of 18 must be accompanied by a guardian.  Parents with young children must contact the co-living prior to booking. Please note that we try our best to keep people traveling together in the same shared room. However, sometimes due to availability and\/or booking patterns, we may not be able to do so. If you have a special request concerning this, please email the co-living directly.<\/p>\r\n<p style=\"color: #5d5d5d;\">Our guests say International House Medell\u00edn is \u2018very clean, super friendly, and very welcoming\u2019, with a \u2018perfect price and quality combination\u2019,  \u2018helpful and down-to-earth staff who really make this place the best co-living in Medell\u00edn\u2019<\/p>[\/et_pb_text][\/et_pb_column][et_pb_column type=\"1_2\" _builder_version=\"4.17.3\" _module_preset=\"default\" global_colors_info=\"{}\"][et_pb_text _builder_version=\"4.17.3\" _module_preset=\"default\" global_colors_info=\"{}\"]<p style=\"color: #5d5d5d;\">Among the amenities we offer are a comfortable lounge room with Direct HDTV and a nice balcony to sit out on and relax. We have a large kitchen with all the modern appliances and cheap beer on sale.<\/p>\r\n<p style=\"color: #5d5d5d;\">Only a 5 minute walk from a large supermarket, and the top university for studying spanish (UPB).  The local Zona Rosa is just a short walk away and has many discos, bars, clubs, and restaurants.  Directly in front of our building is one of the largest, most-visited sports\/recreation complexes in Medell\u00edn. Plus, we are only a ten to fifteen minute cab ride to El Poblado and Parque Lleras. ($4USD taxi, less when you share the cost!)<\/p>\r\n<p style=\"color: #5d5d5d;\">One Hostelworld review said the co-living is ideal whether you want to \u2018sit back and relax, party, meet new people, or spend some time on your own\u2019. The backpacker co-living also has \u2018something going on every night\u2019, like walking tours, language exchange, salsa dancing, and group trips to local soccer\/football matches.<\/p>[\/et_pb_text][\/et_pb_column][\/et_pb_row][et_pb_row column_structure=\"1_2,1_2\" _builder_version=\"4.17.3\" _module_preset=\"default\" max_width=\"1920px\" global_colors_info=\"{}\"][et_pb_column type=\"1_2\" _builder_version=\"4.17.3\" _module_preset=\"default\" global_colors_info=\"{}\"][et_pb_image src=\"http:\/\/ihmedellin.com\/wp-content\/uploads\/2014\/12\/terraza-medellin.jpg\" title_text=\"terraza-medellin\" _builder_version=\"4.17.3\" _module_preset=\"default\" global_colors_info=\"{}\"][\/et_pb_image][\/et_pb_column][et_pb_column type=\"1_2\" _builder_version=\"4.17.3\" _module_preset=\"default\" global_colors_info=\"{}\"][et_pb_text _builder_version=\"4.17.3\" _module_preset=\"default\" global_colors_info=\"{}\"]We are centrally located with quick access to public transportation, including the metro, buses, and taxis.\r\n\r\nOnly 5 Minutes (three blocks) walking distance to a major shopping center, Unicentro. Two blocks from the Exito supermarket and produce store.\r\n\r\nDirectly in front of the building is one of the largest, most-visited sports\/recreation complexes in Medell\u00edn\r\n\r\nWhile you are out exploring the city during the day, our housekeeping staff makes the daily rounds in order to have the place squeaky clean and comfy when you return each evening.\r\n<ul>\r\n<li>Free linens and towels\r\n<li>Onsite laundry facilities\r\n<li>Fully equipped guest kitchen\r\n<li>No curfew<\/li>\r\n<\/ul>[\/et_pb_text][\/et_pb_column][\/et_pb_row][\/et_pb_section][et_pb_section fb_built=\"1\" _builder_version=\"4.17.3\" _module_preset=\"default\" global_colors_info=\"{}\"][et_pb_row _builder_version=\"4.17.3\" _module_preset=\"default\" max_width=\"1920px\" global_colors_info=\"{}\"][et_pb_column type=\"4_4\" _builder_version=\"4.17.3\" _module_preset=\"default\" global_colors_info=\"{}\"][et_pb_text _builder_version=\"4.17.3\" _module_preset=\"default\" global_colors_info=\"{}\"]<h2 style=\"text-align: center; font-weight: 600 !important; font-size: 40px; font-family: 'Cantata One'; color: #c8a74f;\">Enjoy & Remember Great Times With Us.<\/h2>[\/et_pb_text][\/et_pb_column][\/et_pb_row][et_pb_row column_structure=\"1_3,1_3,1_3\" make_equal=\"on\" _builder_version=\"4.17.3\" _module_preset=\"default\" max_width=\"1920px\" global_colors_info=\"{}\"][et_pb_column type=\"1_3\" _builder_version=\"4.17.3\" _module_preset=\"default\" global_colors_info=\"{}\"][et_pb_image src=\"http:\/\/ihmedellin.com\/wp-content\/uploads\/2014\/12\/parties-events.jpg\" title_text=\"parties-events\" _builder_version=\"4.17.3\" _module_preset=\"default\" global_colors_info=\"{}\"][\/et_pb_image][\/et_pb_column][et_pb_column type=\"1_3\" _builder_version=\"4.17.3\" _module_preset=\"default\" global_colors_info=\"{}\"][et_pb_text _builder_version=\"4.17.3\" _module_preset=\"default\" background_color=\"#262626\" global_colors_info=\"{}\"]<h5 style=\"text-align: center;\"><em><span style=\"color: #ffffff;\">\"We had the best time in Medellin and Joel went out of his way to make sure we were comfortable and had everything we needed. Great hosts, great neighborhood, and easy access to all of Medellin. Highly recommend. \u201d<\/span><\/em><\/h5>\r\n<p style=\"letter-spacing: 4px; font-size: 13px; text-align: center; line-height: 22px;\"><span style=\"color: #cbaa5c;\">Katherine, August 2015<\/span><\/p>[\/et_pb_text][\/et_pb_column][et_pb_column type=\"1_3\" _builder_version=\"4.17.3\" _module_preset=\"default\" global_colors_info=\"{}\"][et_pb_image src=\"http:\/\/ihmedellin.com\/wp-content\/uploads\/2014\/12\/great-colombian-food.jpg\" title_text=\"great-colombian-food\" _builder_version=\"4.17.3\" _module_preset=\"default\" global_colors_info=\"{}\"][\/et_pb_image][\/et_pb_column][\/et_pb_row][\/et_pb_section][et_pb_section fb_built=\"1\" _builder_version=\"4.17.3\" _module_preset=\"default\" background_image=\"http:\/\/ihmedellin.com\/wp-content\/uploads\/2014\/12\/backpackers-medellin.jpg\" parallax=\"on\" global_colors_info=\"{}\"][et_pb_row _builder_version=\"4.17.3\" _module_preset=\"default\" max_width=\"1920px\" global_colors_info=\"{}\"][et_pb_column type=\"4_4\" _builder_version=\"4.17.3\" _module_preset=\"default\" global_colors_info=\"{}\"][et_pb_text _builder_version=\"4.17.3\" _module_preset=\"default\" global_colors_info=\"{}\"]<h2 style=\"text-align: center; font-weight: 600 !important; font-size: 40px;font-family: 'Cantata One'; color: #ffffff;\">Testimonials<\/h2>[\/et_pb_text][\/et_pb_column][\/et_pb_row][et_pb_row column_structure=\"1_2,1_2\" make_equal=\"on\" _builder_version=\"4.17.3\" _module_preset=\"default\" width=\"90%\" max_width=\"1920px\" global_colors_info=\"{}\"][et_pb_column type=\"1_2\" _builder_version=\"4.17.3\" _module_preset=\"default\" global_colors_info=\"{}\"][et_pb_testimonial _builder_version=\"4.17.3\" _module_preset=\"default\" global_colors_info=\"{}\"]<h4><em>\"Joel es un tipazo! Todo estuvo en orden, tal cual descrita en su publicaci\u00f3n, no hubo problema de nada. Todo organizado, fuimos un grupo de 14 personas y nos sentimos a gusto con el lugar, la tienda de abajo perfecto. Recomendado.\"<\/em><\/h4>\r\n<p style=\"letter-spacing: 4px; font-size: 13px; line-height: 22px;\">John, August 2015<\/p>[\/et_pb_testimonial][\/et_pb_column][et_pb_column type=\"1_2\" _builder_version=\"4.17.3\" _module_preset=\"default\" global_colors_info=\"{}\"][et_pb_testimonial _builder_version=\"4.17.3\" _module_preset=\"default\" global_colors_info=\"{}\"]<h4><em>\"Fantastic place. It's in a great location with an easy walk to the city. The view from the roof is gorgeous. Wonderful host and staff. Incredible industrial kitchen on the rooftop terrace and plenty of bathrooms. You won't regret staying here :)\"<\/em><\/h4>\r\n<p style=\"letter-spacing: 4px; font-size: 13px; line-height: 22px;\">Robyn<\/p>[\/et_pb_testimonial][\/et_pb_column][\/et_pb_row][\/et_pb_section]","_et_gb_content_width":"","footnotes":""},"class_list":["post-242503","page","type-page","status-publish","hentry"],"yoast_head":"<!-- This site is optimized with the Yoast SEO plugin v20.8 - https:\/\/yoast.com\/wordpress\/plugins\/seo\/ -->\n<title>Habitaciones privadas en Medellin - International House Medell\u00edn<\/title>\n<meta name=\"robots\" content=\"index, follow, max-snippet:-1, max-image-preview:large, max-video-preview:-1\" \/>\n<link rel=\"canonical\" href=\"https:\/\/ihmedellin.com\/es\/habitaciones-privadas-en-medellin\/\" \/>\n<meta property=\"og:locale\" content=\"es_ES\" \/>\n<meta property=\"og:type\" content=\"article\" \/>\n<meta property=\"og:title\" content=\"Habitaciones privadas en Medellin - International House Medell\u00edn\" \/>\n<meta property=\"og:description\" content=\"Echa un vistazo a lo que tienen las habitaciones privadasHabitaciones Privadas en International House Medellin Bienvenido a International House Medell\u00edn donde los viajeros llaman su Segundo Hogar Contamos con 19 habitaciones privadas, cada una equipada con una cama doble (colchones nuevos), Smart TV, ventilador, escritorio, silla de oficina giratoria, s\u00e1banas, toallas, cobija, armario y cerradura [&hellip;]\" \/>\n<meta property=\"og:url\" content=\"https:\/\/ihmedellin.com\/es\/habitaciones-privadas-en-medellin\/\" \/>\n<meta property=\"og:site_name\" content=\"International House Medell\u00edn\" \/>\n<meta property=\"article:modified_time\" content=\"2023-04-22T00:27:46+00:00\" \/>\n<meta name=\"twitter:card\" content=\"summary_large_image\" \/>\n<meta name=\"twitter:label1\" content=\"Tiempo de lectura\" \/>\n\t<meta name=\"twitter:data1\" content=\"3 minutos\" \/>\n<script type=\"application\/ld+json\" class=\"yoast-schema-graph\">{\"@context\":\"https:\/\/schema.org\",\"@graph\":[{\"@type\":\"WebPage\",\"@id\":\"https:\/\/ihmedellin.com\/es\/habitaciones-privadas-en-medellin\/\",\"url\":\"https:\/\/ihmedellin.com\/es\/habitaciones-privadas-en-medellin\/\",\"name\":\"Habitaciones privadas en Medellin - International House Medell\u00edn\",\"isPartOf\":{\"@id\":\"https:\/\/ihmedellin.com\/#website\"},\"datePublished\":\"2022-05-02T17:40:17+00:00\",\"dateModified\":\"2023-04-22T00:27:46+00:00\",\"breadcrumb\":{\"@id\":\"https:\/\/ihmedellin.com\/es\/habitaciones-privadas-en-medellin\/#breadcrumb\"},\"inLanguage\":\"es\",\"potentialAction\":[{\"@type\":\"ReadAction\",\"target\":[\"https:\/\/ihmedellin.com\/es\/habitaciones-privadas-en-medellin\/\"]}]},{\"@type\":\"BreadcrumbList\",\"@id\":\"https:\/\/ihmedellin.com\/es\/habitaciones-privadas-en-medellin\/#breadcrumb\",\"itemListElement\":[{\"@type\":\"ListItem\",\"position\":1,\"name\":\"Home\",\"item\":\"https:\/\/ihmedellin.com\/es\/best-co-living-in-medellin\/\"},{\"@type\":\"ListItem\",\"position\":2,\"name\":\"Habitaciones privadas en Medellin\"}]},{\"@type\":\"WebSite\",\"@id\":\"https:\/\/ihmedellin.com\/#website\",\"url\":\"https:\/\/ihmedellin.com\/\",\"name\":\"International House Medell\u00edn\",\"description\":\"Best co-living space in Medellin\",\"potentialAction\":[{\"@type\":\"SearchAction\",\"target\":{\"@type\":\"EntryPoint\",\"urlTemplate\":\"https:\/\/ihmedellin.com\/?s={search_term_string}\"},\"query-input\":\"required name=search_term_string\"}],\"inLanguage\":\"es\"}]}<\/script>\n<!-- \/ Yoast SEO plugin. -->","yoast_head_json":{"title":"Habitaciones privadas en Medellin - International House Medell\u00edn","robots":{"index":"index","follow":"follow","max-snippet":"max-snippet:-1","max-image-preview":"max-image-preview:large","max-video-preview":"max-video-preview:-1"},"canonical":"https:\/\/ihmedellin.com\/es\/habitaciones-privadas-en-medellin\/","og_locale":"es_ES","og_type":"article","og_title":"Habitaciones privadas en Medellin - International House Medell\u00edn","og_description":"Echa un vistazo a lo que tienen las habitaciones privadasHabitaciones Privadas en International House Medellin Bienvenido a International House Medell\u00edn donde los viajeros llaman su Segundo Hogar Contamos con 19 habitaciones privadas, cada una equipada con una cama doble (colchones nuevos), Smart TV, ventilador, escritorio, silla de oficina giratoria, s\u00e1banas, toallas, cobija, armario y cerradura [&hellip;]","og_url":"https:\/\/ihmedellin.com\/es\/habitaciones-privadas-en-medellin\/","og_site_name":"International House Medell\u00edn","article_modified_time":"2023-04-22T00:27:46+00:00","twitter_card":"summary_large_image","twitter_misc":{"Tiempo de lectura":"3 minutos"},"schema":{"@context":"https:\/\/schema.org","@graph":[{"@type":"WebPage","@id":"https:\/\/ihmedellin.com\/es\/habitaciones-privadas-en-medellin\/","url":"https:\/\/ihmedellin.com\/es\/habitaciones-privadas-en-medellin\/","name":"Habitaciones privadas en Medellin - International House Medell\u00edn","isPartOf":{"@id":"https:\/\/ihmedellin.com\/#website"},"datePublished":"2022-05-02T17:40:17+00:00","dateModified":"2023-04-22T00:27:46+00:00","breadcrumb":{"@id":"https:\/\/ihmedellin.com\/es\/habitaciones-privadas-en-medellin\/#breadcrumb"},"inLanguage":"es","potentialAction":[{"@type":"ReadAction","target":["https:\/\/ihmedellin.com\/es\/habitaciones-privadas-en-medellin\/"]}]},{"@type":"BreadcrumbList","@id":"https:\/\/ihmedellin.com\/es\/habitaciones-privadas-en-medellin\/#breadcrumb","itemListElement":[{"@type":"ListItem","position":1,"name":"Home","item":"https:\/\/ihmedellin.com\/es\/best-co-living-in-medellin\/"},{"@type":"ListItem","position":2,"name":"Habitaciones privadas en Medellin"}]},{"@type":"WebSite","@id":"https:\/\/ihmedellin.com\/#website","url":"https:\/\/ihmedellin.com\/","name":"International House Medell\u00edn","description":"Best co-living space in Medellin","potentialAction":[{"@type":"SearchAction","target":{"@type":"EntryPoint","urlTemplate":"https:\/\/ihmedellin.com\/?s={search_term_string}"},"query-input":"required name=search_term_string"}],"inLanguage":"es"}]}},"_links":{"self":[{"href":"https:\/\/ihmedellin.com\/es\/wp-json\/wp\/v2\/pages\/242503","targetHints":{"allow":["GET"]}}],"collection":[{"href":"https:\/\/ihmedellin.com\/es\/wp-json\/wp\/v2\/pages"}],"about":[{"href":"https:\/\/ihmedellin.com\/es\/wp-json\/wp\/v2\/types\/page"}],"author":[{"embeddable":true,"href":"https:\/\/ihmedellin.com\/es\/wp-json\/wp\/v2\/users\/1"}],"replies":[{"embeddable":true,"href":"https:\/\/ihmedellin.com\/es\/wp-json\/wp\/v2\/comments?post=242503"}],"version-history":[{"count":23,"href":"https:\/\/ihmedellin.com\/es\/wp-json\/wp\/v2\/pages\/242503\/revisions"}],"predecessor-version":[{"id":243134,"href":"https:\/\/ihmedellin.com\/es\/wp-json\/wp\/v2\/pages\/242503\/revisions\/243134"}],"wp:attachment":[{"href":"https:\/\/ihmedellin.com\/es\/wp-json\/wp\/v2\/media?parent=242503"}],"curies":[{"name":"wp","href":"https:\/\/api.w.org\/{rel}","templated":true}]}}